{"id":1839,"date":"2017-08-04T15:23:02","date_gmt":"2017-08-04T15:23:02","guid":{"rendered":"https:\/\/www.paulofaustino.com\/?page_id=1839\/"},"modified":"2021-01-21T11:34:57","modified_gmt":"2021-01-21T11:34:57","slug":"sobre","status":"publish","type":"page","link":"https:\/\/www.paulofaustino.com\/es\/sobre\/","title":{"rendered":"Sobre Paulo Faustino"},"content":{"rendered":"<div class=\"titulo_destaque_sobre\">\u201cSi usted no se imagina haciendo durante los pr\u00f3ximos 50 a\u00f1os lo que hace hoy, \u00a1probablemente usted no hace lo que le gusta!\u201d<\/div>\n            <div class=\"linha_titulo_destaque\"><\/div>\n<p>Paulo Faustino fue el fundador de la \u2018Escola Dinero\u2019 y de la red de blogs educativos \u2018Escolas +\u2019, blogs que en conjunto fueron le\u00eddos por m\u00e1s de 43 millones de personas en todo el mundo. Es cofundador de la <a href=\"https:\/\/www.agenciagetdigital.com\/es\/\" target=\"_blank\" rel=\"noopener\">agencia Get Digital<\/a>, cofundador del evento <a href=\"https:\/\/www.afiliadosbrasil.com\/es\/\" target=\"_blank\" rel=\"noopener\">Afiliados Brasil<\/a>, co-fundador del evento Think Conference, co-fundador del <a href=\"http:\/\/www.habituszen.com\/\" target=\"_blank\" rel=\"noopener\">Centro Terap\u00e9utico Habitus Zen<\/a>, Escritor, inversor y orador internacional. Paulo ayuda a empresas de todo el mundo a mejorar sus conversiones y ventas en l\u00ednea. Es reconocido como uno de los profesionales m\u00e1s influyentes en el \u00e1rea del Marketing Digital en lengua portuguesa.<\/p>\n<h2>El inicio<\/h2>\n<p>Nacido el 29 de abril de 1985, Paulo Faustino desde temprano demostr\u00f3 que el emprendimiento le corr\u00eda en las venas, tal vez por el hecho de que su padre lo hab\u00eda sido durante toda la vida. La dedicaci\u00f3n y el esp\u00edritu de sacrificio se fueron moldeando a lo largo de la infancia, debido a la educaci\u00f3n r\u00edgida de su madre y tambi\u00e9n de la exigencia de practicar atletismo de alta competici\u00f3n.<br \/>\nA los 11 a\u00f1os de edad se inscribi\u00f3 en el Barrio de los \u00c1ngeles como atleta. A los 12 a\u00f1os cambi\u00f3 el club por el rival de la ciudad, la Juventude Vidigalense y a los 14 a\u00f1os fue campe\u00f3n nacional de Salto en Longitud en el evento Ol\u00edmpico Joven en la Maia en la categor\u00eda de iniciados <em>(<a href=\"https:\/\/www.facebook.com\/fpatletismo\/photos\/a.414726558562096.83412766.159378840763537\/414744145227004\/?type=3&amp;theater\" target=\"_blank\" rel=\"nofollow noopener\">Fuente<\/a>)<\/em>. Repetir\u00eda el \u00e9xito a los 16 a\u00f1os, renovando el t\u00edtulo de campe\u00f3n nacional de Salto en Longitud, esta vez en el Ol\u00edmpico Joven de Leiria en la categor\u00eda de Juveniles. Acumul\u00f3 diversos t\u00edtulos relevantes, como el de subcampe\u00f3n nacional de iniciados en el Lanzamiento del Dardo, entre otras.<\/p>\n<p>A los 16 a\u00f1os comenz\u00f3 a trabajar en la planta Plasteste (ahora Nova Plasteste), en la zona industrial de la Marina Grande, en la producci\u00f3n nocturna, en el turno de las 00h00 a las 08h00.<\/p>\n<p>A los 18 a\u00f1os de edad concluy\u00f3 con \u00e9xito la ense\u00f1anza secundaria, con media de 17 valores e ingresa en el ISMAG \/ ISHT &#8211; Institutos Superiores de la Marina Grande para estudiar en el Bachillerato en Ingenier\u00eda de Producci\u00f3n y Moldes.<\/p>\n<p>En el mismo per\u00edodo, decide terminar su carrera deportiva para intentar conciliar su ingreso a la universidad con su primer empleo en tiempo completo en Ribermold.<\/p>\n<h2>Emprendimiento<\/h2>\n<p>Entre los 18 y los 19 a\u00f1os de edad tiene la oportunidad de vivir varias experiencias profesionales, con el paso por Ribermold en la Marina Grande, por la Inforsite en el Puente de la Piedra y por la PCDiga en Leiria.<\/p>\n<p>Durante ese per\u00edodo, percibe que su vida profesional no pasar\u00e1 por la industria de los Moldes y Pl\u00e1sticos y decide despedirse de Ribermold y cancelar su matr\u00edcula en el ISMAG \/ ISHT para perseguir sus sue\u00f1os en el \u00e1rea de Nuevas Tecnolog\u00edas.<\/p>\n<p>A los 19 a\u00f1os de edad es invitado por uno de sus clientes de PCDiga a montar una tienda de inform\u00e1tica. El 9 de marzo de 2005 nace Extreme-Computers, Lda., situada en la Rua Cidade de Halton. Durante dos a\u00f1os y medio, fue responsable de todas las din\u00e1micas comerciales de la empresa, desde la gesti\u00f3n y organizaci\u00f3n de clientes, publicidad online, soporte, pedidos, proveedores, etc.<\/p>\n<p>Fue responsable de la creaci\u00f3n del E-Commerce de Extreme-Computers y de las integraciones digitales con socios como Google y KuantoKusta, el foro de discusi\u00f3n y la gesti\u00f3n de todos los canales de comunicaci\u00f3n de la empresa.<\/p>\n<p>El 25 de julio de 2007 renuncia a la gerencia de la empresa, por incompatibilidad con sus socios.<\/p>\n<h2>En solitario<\/h2>\n<p>Con 21 a\u00f1os de edad comienza a trabajar desde casa y da inicio a la creaci\u00f3n de sus primeros proyectos en solitario en Internet &#8211; primero un blog en blogspot y m\u00e1s tarde un foro de discusi\u00f3n &#8211; que ser\u00edan un punto de partida para varias \u00e1reas de negocio que dominar\u00eda durante los a\u00f1os siguientes.<\/p>\n<p>El 6 de febrero de 2008 crea el blog Fique-Rico.com &#8211; que en 2010 transforma en EscolaDinheiro.com &#8211; crea tambi\u00e9n el blog EscolaWP.com, la red educativa Escolas + y algunos proyectos aislados que acabar\u00eda vendiendo o cerrando.<\/p>\n<p>En 2010 conoce al psic\u00f3logo Dr. Miguel Lucas y nace la EscolaPsicolog\u00eda.com y, en 2011, se une a Luciano Larrossa y fundan la EscolaFreelancer.com.<\/p>\n<p>Desde ese momento, ha sido mentor de ambos en el desarrollo de sus negocios y carreras profesionales, que hoy son visiblemente exitosas.<\/p>\n<h2>\u201cSi quieres ir r\u00e1pido, ve s\u00f3lo; si quieres ir lejos, ve acompa\u00f1ado\u201d \u2013 Proverbio Africano<\/h2>\n<p>En 2009 conoce a Regina Santana y en 2010 inician una relaci\u00f3n que marcar\u00eda ambos a todos los niveles. De simples novios, pasan r\u00e1pidamente a socios, desarrollando proyectos en conjunto en internet. M\u00e1s tarde, crean diversas empresas en varias \u00e1reas de negocio y se establecen como dos profesionales influyentes en el \u00e1rea del marketing digital.<\/p>\n<h2>Hacia las conferencias y los eventos<\/h2>\n<p>Es invitado por primera vez en 2011 para dar una conferencia en la conferencia Ser Freelancer en Aveiro. En el mismo a\u00f1o, es invitado a dar su primera conferencia internacional en el evento ExpOn en S\u00e3o Paulo, Brasil.<\/p>\n<p>Desde ese momento, pas\u00f3 a visitar Brasil por lo menos dos veces al a\u00f1o, habiendo participado como orador en diversos eventos, tales como el Search Masters 2012 en R\u00edo de Enero, el Afiliados Brasil 2013 en S\u00e3o Paulo y Fortaleza, Afiliados Brasil 2014 en S\u00e3o Paulo Paulo y Fortaleza, Brasil afiliados en 2015 en Sao Paulo y R\u00edo de Enero, Brasil afiliados en 2016 en Sao Paulo, Digitalks marketing Expo Foro Internacional digital 2016 en San Pablo, etc.<\/p>\n<p>Fue precisamente en 2011 cuando conoci\u00f3 a Fl\u00e1vio Raimundo junto al que creo el evento Afiliados Brasil, a d\u00eda de hoy, el mayor evento de Marketing de Afiliados de Am\u00e9rica Latina, con m\u00e1s de 2.000 participantes, 55 oradores y m\u00e1s de 50 expositores en 1000m2 de feria.<\/p>\n<p>Durante el mismo per\u00edodo, tuvo la oportunidad de participar como orador en diversos otros eventos relacionados con Marketing Digital, WordPress, Emprendedor, Startups y Blogs, en Portugal.<\/p>\n<p><h2 class=\"titulo_dados\">Su Carrera en N\u00fameros<\/h2><br \/>\n\n        <div class=\"caixa_dados\">\n            <div class=\"linha_dados\">\n                <div class=\"col-lg-6 col-md-6 col-xs-12 horas_dados\">\n                    <div class=\"img_palestra\"><img decoding=\"async\" src=\"https:\/\/www.paulofaustino.com\/wp-content\/uploads\/2015\/08\/1.png\" alt=\"Lectores por el Mundo\"><\/div>\n                    <div class=\"numeros_palestra\">63,8M<\/div>\n                    <div class=\"horas_palestra\">Lectores por el Mundo<\/div>\n                <\/div>\n                <div class=\"col-lg-6 col-md-6 col-xs-12 artigos_dados\">\n                    <div class=\"img_artigo\"><img decoding=\"async\" src=\"https:\/\/www.paulofaustino.com\/wp-content\/uploads\/2015\/08\/11.png\" alt=\"Art\u00edculos Le\u00eddos\"><\/div>\n                    <div class=\"numeros_palestra\">181,8M<\/div>\n                    <div class=\"horas_palestra\">Art\u00edculos Le\u00eddos<\/div>\n                <\/div>\n            <\/div>\n        <\/div>\n    <br \/>\n\n        <div class=\"caixa_dados\">\n            <div class=\"linha_dados\">\n                <div class=\"col-lg-6 col-md-6 col-xs-12 horas_dados\">\n                    <div class=\"img_palestra\"><img decoding=\"async\" src=\"https:\/\/www.paulofaustino.com\/wp-content\/uploads\/2015\/08\/2.png\" alt=\"Sitios Web\"><\/div>\n                    <div class=\"numeros_palestra\">119<\/div>\n                    <div class=\"horas_palestra\">Sitios Web<\/div>\n                <\/div>\n                <div class=\"col-lg-6 col-md-6 col-xs-12 artigos_dados\">\n                    <div class=\"img_artigo\"><img decoding=\"async\" src=\"https:\/\/www.paulofaustino.com\/wp-content\/uploads\/2015\/08\/12.png\" alt=\"Pa\u00edses Alcanzados\"><\/div>\n                    <div class=\"numeros_palestra\">221<\/div>\n                    <div class=\"horas_palestra\">Pa\u00edses Alcanzados<\/div>\n                <\/div>\n            <\/div>\n        <\/div>\n    <br \/>\n\n        <div class=\"caixa_dados\">\n            <div class=\"linha_dados\">\n                <div class=\"col-lg-6 col-md-6 col-xs-12 horas_dados\">\n                    <div class=\"img_palestra\"><img decoding=\"async\" src=\"https:\/\/www.paulofaustino.com\/wp-content\/uploads\/2015\/08\/3.png\" alt=\"Minutos en el escenario\"><\/div>\n                    <div class=\"numeros_palestra\">1400+<\/div>\n                    <div class=\"horas_palestra\">Minutos en el escenario<\/div>\n                <\/div>\n                <div class=\"col-lg-6 col-md-6 col-xs-12 artigos_dados\">\n                    <div class=\"img_artigo\"><img decoding=\"async\" src=\"https:\/\/www.paulofaustino.com\/wp-content\/uploads\/2015\/08\/13.png\" alt=\"Conferencias en Eventos\"><\/div>\n                    <div class=\"numeros_palestra\">35+<\/div>\n                    <div class=\"horas_palestra\">Conferencias en Eventos<\/div>\n                <\/div>\n            <\/div>\n        <\/div>\n    <br \/>\n\n        <div class=\"caixa_dados\">\n            <div class=\"linha_dados\">\n                <div class=\"col-lg-6 col-md-6 col-xs-12 horas_dados\">\n                    <div class=\"img_palestra\"><img decoding=\"async\" src=\"https:\/\/www.paulofaustino.com\/wp-content\/uploads\/2015\/08\/4.png\" alt=\"Libros Publicados\"><\/div>\n                    <div class=\"numeros_palestra\">02<\/div>\n                    <div class=\"horas_palestra\">Libros Publicados<\/div>\n                <\/div>\n                <div class=\"col-lg-6 col-md-6 col-xs-12 artigos_dados\">\n                    <div class=\"img_artigo\"><img decoding=\"async\" src=\"https:\/\/www.paulofaustino.com\/wp-content\/uploads\/2015\/08\/14.png\" alt=\"Cursos en l\u00ednea\"><\/div>\n                    <div class=\"numeros_palestra\">03<\/div>\n                    <div class=\"horas_palestra\">Cursos en l\u00ednea<\/div>\n                <\/div>\n            <\/div>\n        <\/div>\n    <br \/>\n\n        <div class=\"caixa_dados\">\n            <div class=\"linha_dados\">\n                <div class=\"col-lg-6 col-md-6 col-xs-12 horas_dados\">\n                    <div class=\"img_palestra\"><img decoding=\"async\" src=\"https:\/\/www.paulofaustino.com\/wp-content\/uploads\/2015\/08\/5.png\" alt=\"A\u00f1os de Experiencia\"><\/div>\n                    <div class=\"numeros_palestra\">12<\/div>\n                    <div class=\"horas_palestra\">A\u00f1os de Experiencia<\/div>\n                <\/div>\n                <div class=\"col-lg-6 col-md-6 col-xs-12 artigos_dados\">\n                    <div class=\"img_artigo\"><img decoding=\"async\" src=\"https:\/\/www.paulofaustino.com\/wp-content\/uploads\/2015\/08\/15.png\" alt=\"Empresas Fundadas\"><\/div>\n                    <div class=\"numeros_palestra\">06<\/div>\n                    <div class=\"horas_palestra\">Empresas Fundadas<\/div>\n                <\/div>\n            <\/div>\n        <\/div>\n    <\/p>\n<h2>Sembrar para recoger<\/h2>\n<p>En 2012, Paulo Faustino contin\u00faa su camino en el mundo digital, desarrollando diversos proyectos que llegan a ser extremadamente relevantes en el medio digital. Uno de estos proyectos fue la web www.apptuts.com.br, donde se publican contenidos y tutoriales sobre aplicaciones m\u00f3viles y de escritorio para Mac OSX, iOS, Windows, Android y otras plataformas.<\/p>\n<p>El proyecto ser\u00eda vendido en 2016 a Luciano Larrossa, en un momento en que recib\u00eda 1 mill\u00f3n de visitantes \u00fanicos por mes de Brasil.<\/p>\n<h2>El a\u00f1o que cambi\u00f3 todo<\/h2>\n<p>El a\u00f1o 2013 fue un a\u00f1o especial. El 12 de enero de 2013, Paulo Faustino viaja a Las Vegas para participar en el Affiliate Summit, donde se encontrar\u00eda junto con su socio Fl\u00e1vio Raimundo siendo parte de una experiencia incre\u00edble de networking y aprendizaje con afiliados y marketeros norteamericanos.<\/p>\n<p>El 30 de enero de 2013, junto con su socia Regina Santana, crean la agencia de marketing digital Get Digital. Con varios a\u00f1os de experiencia en el \u00e1rea, era hora de formalizar y profesionalizar los negocios que ya desarrollaban en Internet como empresarios a t\u00edtulo individual.<\/p>\n<p>La actividad de la empresa se inicia con la contrataci\u00f3n de dos personas, en una oficina de 35 metros cuadrados en una de las calles paralelas a la Avenida 22 de Mayo, en Leiria.<br \/>\nEn los primeros dos a\u00f1os y medio de actividad, Get Digital trabaj\u00f3 exclusivamente en proyectos internos, construyendo una red de decenas de sitios web y blogs en Portugal, Espa\u00f1a, Reino Unido, Alemania, Holanda, Rumania, etc., dirigidos a varias industrias, incluyendo la salud o la moda, entre otros temas.<\/p>\n<p>En mayo de 2013, se realiza la primera edici\u00f3n del evento Afiliados Brasil en S\u00e3o Paulo, un evento que congreg\u00f3 a 350 participantes, siendo considerado un \u00e9xito en el \u00e1rea de marketing digital y marketing de afiliados.<\/p>\n<p>En el mismo a\u00f1o, en noviembre, se realiza la primera edici\u00f3n del Afiliados Brasil Nordeste en Fortaleza con 250 participantes. Una primera prueba en el mercado del nordeste brasile\u00f1o, extremadamente dif\u00edcil de conquistar.<\/p>\n<p>Por el camino, se sigue viajando a Londres y Barcelona para participar en los eventos de la Conferencia de la Conferencia de Londres y la Conferencia de Barcelona.<\/p>\n<h2>Ense\u00f1ar es un arte<\/h2>\n<p>El a\u00f1o 2014 est\u00e1 marcado por el lanzamiento del curso \u2018Conversion Hero\u2019, un curso sobre marketing digital con m\u00e1s de 70 video-aulas donde Paulo Faustino ense\u00f1a pr\u00e1cticamente todo lo que ha aprendido hasta la fecha. El curso tiene una repercusi\u00f3n incre\u00edble en las plataformas de comercio de productos digitales en Brasil, llega al primer lugar de ventas en el Hotmart e inscribe a m\u00e1s de 120 alumnos en la primera clase.<\/p>\n<p>En el mismo a\u00f1o se lanzan los cursos \u2018Facebook para Negocios\u2019, de Luciano Larrossa, y la \u2018 F\u00f3rmula da Positividade\u2019, de Miguel Lucas, donde Paulo tiene un papel important\u00edsimo en toda la estrategia de lanzamiento y promoci\u00f3n de los cursos.<\/p>\n<h2>El animalito de los nuevos negocios<\/h2>\n<p>En 2015, Paulo Faustino y Regina Santana deciden invertir en dos nuevos proyectos totalmente fuera de su \u00e1rea de acci\u00f3n. El 17 de marzo de 2015, junto con un tercer socio, crean la empresa Teorias Invulgares, Lda., que da origen a la marca de calzado Labuta, totalmente financiada por Paulo y Regina.<\/p>\n<p>El lanzamiento oficial de la marca y de su colecci\u00f3n Oto\u00f1o \/ Invierno se celebra en el Castillo de Leiria el 16 de octubre de 2015, con la presencia del atleta ol\u00edmpico Nelson \u00c9vora y m\u00e1s de 500 personas que se desplazaron hasta uno de los lugares m\u00e1s emblem\u00e1ticos de la ciudad en una noche m\u00e1gica.<\/p>\n<p>Durante el mismo per\u00edodo, el 19 de marzo de 2015, Paulo Faustino y Regina Santana comienzan a construir el Centro Terap\u00e9utico Habitus Zen, situado en la calle Comandante Almeida Henriques, en Leiria. La inauguraci\u00f3n del Habitus Zen se realiz\u00f3 el 17 de octubre de 2015, un d\u00eda despu\u00e9s del lanzamiento de la marca de calzado Labuta.<\/p>\n<p>Despu\u00e9s del lanzamiento de ambos negocios, surgen diversas oportunidades resultantes del marketing digital realizado, en particular las invitaciones para estar presentes en el programa \u00abVoc\u00ea na TV\u00bb de TVI y el programa \u00abTiempo Corrido\u00bb de Benfica TV.<\/p>\n<p>Paulo Faustino y Regina Santana tendr\u00edan sin embargo un recorrido corto en la industria del calzado. Por divergencias con su socio en cuanto a la forma de gestionar el negocio, toman la decisi\u00f3n de vender su posici\u00f3n en la empresa Teorias Invulgares, Lda., y se despiden prematuramente de la marca Labuta.<\/p>\n<h2>Parar es morir<\/h2>\n<p>Despu\u00e9s de un final de 2015 bastante movido, el a\u00f1o 2016 ser\u00eda rico en nuevos proyectos. Adem\u00e1s de responder a las muchas invitaciones para charlar en eventos en Portugal y Brasil, era momento de seguir emprendiendo y mostrando que era posible hacerlo de una forma diferente.<\/p>\n<p>A principios de a\u00f1o, debido al crecimiento del negocio, la agencia Get Digital contrata nuevos empleados, aumentando su equipo hasta 14 personas durante el a\u00f1o 2016. Es en este per\u00edodo cuando la empresa lanza tambi\u00e9n su nuevo sitio web y su nueva identidad,empezando a trabajar intensamente para los clientes, ofreciendo servicios de Dise\u00f1o Web, Desarrollo Web, Desarrollo de Mobile, Marketing Social, Marketing Digital y Publicidad.<\/p>\n<p>En su lista de clientes est\u00e1n empresas como el Ayuntamiento de Leiria, WebHS, Vertbaudet Espa\u00f1a, Vertbaudet Espa\u00f1a, Corporal, Blocotelha, Centro Cl\u00ednico de Leiria, Hotel D. Gon\u00e7alo F\u00e1tima, ERA Imobili\u00e1ria, CHOFER, entre otras.<\/p>\n<p>El 31 de marzo de 2016, Paulo Faustino y Regina Santana constituyen la empresa Timeless Trends, Lda., que m\u00e1s tarde se convertir\u00eda en Timeless Watches y, a lo largo de 2017, dar\u00e1 lugar a una nueva marca de calzado.<\/p>\n<p>El 27 de abril de 2016, constituyen la empresa Madly Radical, Lda., que el 5 de noviembre del mismo a\u00f1o inaugurar\u00eda el restaurante BOLD, situado en la Avenida Combatentes de la Gran Guerra en Leiria.<\/p>\n<p>El 17 de junio de 2016, Paulo Faustino, Regina Santana y todo el equipo de Get Digital, realizan la conferencia Think Conference en Leiria, reuniendo en 3 d\u00edas a m\u00e1s de 600 participantes y un panel de oradores de alt\u00edsimo nivel, con presencias de profesionales de la industria Google, Paypal, Farfetch, La Redoute, Chic por Choice, FixeAds, UBER, Uniplaces, entre otras empresas.<\/p>\n<p>El evento es considerado uno de los m\u00e1s importantes y m\u00e1s relevantes eventos de Marketing Digital realizados en Portugal hasta la fecha, recibiendo muchos elogios por parte del Secretario de Estado de Industria, Jo\u00e3o Vasconcelos y de la prensa en general.<\/p>\n<p>En el a\u00f1o 2016, es invitado a formar parte del grupo de docentes del Postgrado en Gesti\u00f3n de Negocios en l\u00ednea del Instituto Polit\u00e9cnico de Leiria, donde ense\u00f1\u00f3 sobre Facebook Ads, SEO, Marketing de Contenido, Compra de Tr\u00e1fico y Programas de Afiliados.<\/p>\n<p>A principios de 2017, es invitado por D. Dinis Business School para impartir un curso presencial de SEO (Search Engine Marketing) y SEM (Search Engine Marketing), que se desarrollar\u00e1 durante el mes de mayo.<\/p>\n<h2>\u00a1El futuro le sonr\u00ede!<\/h2>\n<p>Siendo una persona extremadamente positiva en relaci\u00f3n a la vida y a los negocios, Paulo Faustino cree desde siempre que lo mejor a\u00fan est\u00e1 por venir. En el Marzo de la educaci\u00f3n y el intercambio de conocimiento, tiene varios proyectos planeados para los pr\u00f3ximos a\u00f1os, incluyendo el lanzamiento de una marca de calzado internacional, el desarrollo de nuevos proyectos internos en Get Digital, la creaci\u00f3n de un ciclo de formaciones presenciales en Brasil (Ver En el Marzo de un proyecto de investigaci\u00f3n en el \u00e1mbito de la salud p\u00fablica.<\/p>\n<p>Por encima del emprendimiento y del marketing digital, cree que la gente es la pieza m\u00e1s importante de todo lo dem\u00e1s y pretende seguir activamente a aprender con cada una de las que consigo cruzarse a lo largo de la vida.<\/p>\n<h2>Informaci\u00f3n Profesional<\/h2>\n<ul>\n<li>Docente Invitado de Postgrado en Gesti\u00f3n de Negocios en l\u00ednea del Instituto Polit\u00e9cnico de Leiria<br \/>\n<a href=\"https:\/\/www.ipleiria.pt\/cursos\/course\/pos-graduacao-em-gestao-de-negocios-online\/\" target=\"_blank\" rel=\"nofollow noopener\">https:\/\/www.ipleiria.pt\/cursos\/course\/pos-graduacao-em-gestao-de-negocios-online\/<\/a><\/li>\n<li>Docente Invitado del Curso de SEO y SEM de D. Dinis Business School<br \/>\n<a href=\"http:\/\/www.ddinisbschool.com\/cursos\/curso-de-seo-e-sem\" target=\"_blank\" rel=\"nofollow noopener\">http:\/\/www.ddinisbschool.com\/cursos\/curso-de-seo-e-sem<\/a><\/li>\n<li><strong>P\u00e1gina personal:<\/strong> <a href=\"https:\/\/www.paulofaustino.com\" target=\"_blank\" rel=\"noopener\">www.paulofaustino.com<\/a><\/li>\n<li><strong>Sitio web:<\/strong> <a href=\"http:\/\/www.agenciagetdigital.com\" target=\"_blank\" rel=\"noopener\">www.agenciagetdigital.com<\/a><\/li>\n<li><strong>Linkedin:<\/strong> <a href=\"https:\/\/pt.linkedin.com\/in\/paulofaustino\" target=\"_blank\" rel=\"nofollow noopener\">https:\/\/pt.linkedin.com\/in\/paulofaustino<\/a><\/li>\n<li><strong>Facebook Profesional:<\/strong> <a href=\"https:\/\/www.facebook.com\/paulofilipefaustino\" target=\"_blank\" rel=\"nofollow noopener\">https:\/\/www.facebook.com\/paulofilipefaustino<\/a><\/li>\n<li><strong>Twitter:<\/strong> <a href=\"https:\/\/twitter.com\/pauloffaustino\" target=\"_blank\" rel=\"nofollow noopener\">https:\/\/twitter.com\/pauloffaustino<\/a><\/li>\n<li><strong>Instagram:<\/strong> <a href=\"https:\/\/www.instagram.com\/paulofaustino\/\" target=\"_blank\" rel=\"nofollow noopener\">https:\/\/www.instagram.com\/paulofaustino\/<\/a><\/li>\n<li><strong>Youtube:<\/strong> <a href=\"https:\/\/www.youtube.com\/channel\/UCCVqvB0VQjoRUDngnJ1LmCA\" target=\"_blank\" rel=\"nofollow noopener\">https:\/\/www.youtube.com\/channel\/UCCVqvB0VQjoRUDngnJ1LmCA<\/a><\/li>\n<li><strong>Youtube Escola Dinero:<\/strong>\u00a0<a href=\"https:\/\/www.youtube.com\/user\/escoladinheiro\" target=\"_blank\" rel=\"nofollow noopener\">https:\/\/www.youtube.com\/user\/escoladinheiro<\/a><\/li>\n<li><strong>Youtube Escolas+:<\/strong> <a href=\"https:\/\/www.youtube.com\/user\/escolastv\" target=\"_blank\" rel=\"nofollow noopener\">https:\/\/www.youtube.com\/user\/escolastv<\/a><\/li>\n<\/ul>\n<h2>Obras publicadas<\/h2>\n<ul>\n<li>Libro en edici\u00f3n impresa \u201cDe Desconhecido a Problogger\u201d: <a href=\"https:\/\/goo.gl\/MxFu84\" target=\"_blank\" rel=\"nofollow noopener\">https:\/\/goo.gl\/MxFu84<\/a><\/li>\n<li>Libro Digital \u201cDe Desconhecido a Problogger\u201d: <a href=\"https:\/\/cl.ly\/0H1T3U250a1G\" target=\"_blank\" rel=\"nofollow noopener\">https:\/\/cl.ly\/0H1T3U250a1G<\/a> (M\u00e1s de 30.000 downloads)<\/li>\n<li>Libro Digital \u201cExerc\u00edcios para Blogueiros\u201d: <a href=\"http:\/\/cl.ly\/0u3t2r2Y1k0e\" target=\"_blank\" rel=\"nofollow noopener\">http:\/\/cl.ly\/0u3t2r2Y1k0e<\/a> (M\u00e1s de 5.000 downloads)<\/li>\n<li>Curso Marketing Digital: <a href=\"http:\/\/www.conversionhero.com.br\" target=\"_blank\" rel=\"noopener\">www.conversionhero.com.br<\/a> (M\u00e1s de 120 alumnos en la primera promoci\u00f3n)<\/li>\n<li>Autor invitado del portal iMasters desde 2009: <a href=\"https:\/\/imasters.com.br\/perfil\/paulo_faustino\/\" target=\"_blank\" rel=\"nofollow noopener\">https:\/\/imasters.com.br\/perfil\/paulo_faustino\/<\/a><\/li>\n<\/ul>\n<h2>Colaboraciones en Libros<\/h2>\n<ul>\n<li>Pref\u00e1cio del Libro \u2018Facebook para Neg\u00f3cios\u2019, Luciano Larrossa, 2016, Chiado Editora<\/li>\n<li>\u2018Marketing de Contenido \u2013 A moeda do S\u00e9culo XXI\u2019, Rafael Rez Oliveira, 2016, DVS Editora, P\u00e1gina 373<\/li>\n<li>\u2018Digital Marketing Analytics \u2013 Optimize o valor da sua estrat\u00e9gia digital\u2019, Andr\u00e9 Zeferino, 2016, Sabedoria Alternativa, P\u00e1gina 143<\/li>\n<li>\u2018N\u00e3o Faz Sentido \u2013 Por Tr\u00e1s da C\u00e2mera\u2019, 2013, Felipe Neto, Casa da Palavra, P\u00e1gina 105<\/li>\n<\/ul>\n<h2>Conferencias P\u00fablicas<\/h2>\n<ul>\n<li>Criar Neg\u00f3cios com WordPress (sem criar um blog)<br \/>\n<a href=\"https:\/\/pt.slideshare.net\/escolasplus\/criar-negcios-com-wordpress-sem-criar-um-blog\" target=\"_blank\" rel=\"nofollow noopener\">https:\/\/pt.slideshare.net\/escolasplus\/criar-negcios-com-wordpress-sem-criar-um-blog<\/a><\/li>\n<li>Estrat\u00e9gias para ganhar dinheiro com blogs<br \/>\n<a href=\"https:\/\/pt.slideshare.net\/escolasplus\/como-ganhar-dinheiro-com-blogs-11523355\" target=\"_blank\" rel=\"nofollow noopener\">https:\/\/pt.slideshare.net\/escolasplus\/como-ganhar-dinheiro-com-blogs-11523355<\/a><\/li>\n<li>Ganhar Dinheiro na internet com blogs<br \/>\n<a href=\"https:\/\/pt.slideshare.net\/escolasplus\/ganhar-dinheiro-na-internet-com-blogs\" target=\"_blank\" rel=\"nofollow noopener\">https:\/\/pt.slideshare.net\/escolasplus\/ganhar-dinheiro-na-internet-com-blogs<\/a><\/li>\n<li>Estrat\u00e9gias de Marketing e SEO com programas de afiliados<br \/>\n<a href=\"https:\/\/pt.slideshare.net\/escolasplus\/estratgias-de-marketing-e-seo-com-programas-de-afiliados\" target=\"_blank\" rel=\"nofollow noopener\">https:\/\/pt.slideshare.net\/escolasplus\/estratgias-de-marketing-e-seo-com-programas-de-afiliados<\/a><\/li>\n<li>Gera\u00e7\u00e3o de Leads e convers\u00f5es on-site e off-site<br \/>\n<a href=\"https:\/\/pt.slideshare.net\/escolasplus\/gerao-de-leads-onsite-e-offsite\" target=\"_blank\" rel=\"nofollow noopener\">https:\/\/pt.slideshare.net\/escolasplus\/gerao-de-leads-onsite-e-offsite<\/a><\/li>\n<\/ul>\n<h2>Recomendaciones en v\u00eddeo<\/h2>\n<ul>\n<li>Fl\u00e1vio Raimundo \u2013 Co-Fundador de Afiliados Brasil y uno de los mayores especialistas en SEO de Brasil<br \/>\n<a href=\"https:\/\/vimeo.com\/85963437\/a133a8f57e\" target=\"_blank\" rel=\"nofollow noopener\">https:\/\/vimeo.com\/85963437\/a133a8f57e<\/a><\/li>\n<li>Rafael Rez Oliveira \u2013 Autor del libro \u201cMarketing de Conte\u00fado \u2013 A moeda do s\u00e9culo XXI\u201d<br \/>\n<a href=\"https:\/\/vimeo.com\/86044015\/bcce80bf78\" target=\"_blank\" rel=\"nofollow noopener\">https:\/\/vimeo.com\/86044015\/bcce80bf78<\/a><\/li>\n<li>L\u00e9o Cabral \u2013 Especialista en SEO y Links Patrocinados<br \/>\n<a href=\"https:\/\/vimeo.com\/86236953\/7bbde9a5ed\" target=\"_blank\" rel=\"nofollow noopener\">https:\/\/vimeo.com\/86236953\/7bbde9a5ed<\/a><\/li>\n<li>Henrique Carvalho \u2013 Especialista en Marketing Digital y Marketing de Contenido<br \/>\n<a href=\"https:\/\/vimeo.com\/86928413\/c73e509dc9\" target=\"_blank\" rel=\"nofollow noopener\">https:\/\/vimeo.com\/86928413\/c73e509dc9<\/a><\/li>\n<li>Bruno Picinini \u2013 Especialista en Marketing Digital y Marketing de Conte\u00fado<br \/>\n<a href=\"https:\/\/vimeo.com\/108000171\/0a2a74a184\" target=\"_blank\" rel=\"nofollow noopener\">https:\/\/vimeo.com\/108000171\/0a2a74a184<\/a><\/li>\n<li>Luciano Larrossa \u2013 Autor del libro \u201cFacebook para Neg\u00f3cios\u201d<br \/>\n<a href=\"https:\/\/vimeo.com\/108043276\/82d4e16ca2\" target=\"_blank\" rel=\"nofollow noopener\">https:\/\/vimeo.com\/108043276\/82d4e16ca2<\/a><\/li>\n<\/ul>\n<h2>Entrevistas y menciones en v\u00eddeo<\/h2>\n<ul>\n<li>31 Enero 2014<br \/>\n<a href=\"https:\/\/www.youtube.com\/watch?v=qpV90_-xGOU\" target=\"_blank\" rel=\"nofollow noopener\">https:\/\/www.youtube.com\/watch?v=qpV90_-xGOU<\/a><\/li>\n<li>04 Febrero 2014<br \/>\n<a href=\"https:\/\/www.youtube.com\/watch?v=DnFgha05w_o\" target=\"_blank\" rel=\"nofollow noopener\">https:\/\/www.youtube.com\/watch?v=DnFgha05w_o<\/a><\/li>\n<li>29 Septiembre 2014<br \/>\n<a href=\"https:\/\/www.youtube.com\/watch?v=RCIaVBpOsNQ\" target=\"_blank\" rel=\"nofollow noopener\">https:\/\/www.youtube.com\/watch?v=RCIaVBpOsNQ<\/a><\/li>\n<li>23 Febrero 2016<br \/>\n<a href=\"https:\/\/www.youtube.com\/watch?v=mnyPaNJftfg\" target=\"_blank\" rel=\"nofollow noopener\">https:\/\/www.youtube.com\/watch?v=mnyPaNJftfg<\/a><\/li>\n<li>20 Septiembre 2016<br \/>\n<a href=\"https:\/\/www.youtube.com\/watch?v=mK5Y5YQusng\" target=\"_blank\" rel=\"nofollow noopener\">https:\/\/www.youtube.com\/watch?v=mK5Y5YQusng<\/a><\/li>\n<\/ul>\n<h2>Conferencias, Keynotes e Intervenciones<\/h2>\n<h3>2011<\/h3>\n<ul>\n<li>Confer\u00eancia Ser Freelancer 2011 &#8211; Aveiro<\/li>\n<li>ExpOn Brasil 2011 &#8211; S\u00e3o Paulo<\/li>\n<li>WordCamp 2011 &#8211; Lisboa<\/li>\n<\/ul>\n<h3>2012<\/h3>\n<ul>\n<li>Fashion Bleeting 2012 &#8211; Lisboa<\/li>\n<li>Ignite Leiria 2012 &#8211; Leiria (<a href=\"https:\/\/www.youtube.com\/watch?v=R739ih3jppM\" target=\"_blank\" rel=\"nofollow noopener\">https:\/\/www.youtube.com\/watch?v=R739ih3jppM<\/a>)<\/li>\n<li>10pr\u00e1s10 2012 &#8211; Leiria (<a href=\"https:\/\/www.youtube.com\/watch?v=kmLWwxS8SX0\" target=\"_blank\" rel=\"nofollow noopener\">https:\/\/www.youtube.com\/watch?v=kmLWwxS8SX0<\/a>)<\/li>\n<li>Search Masters Brasil 2012 &#8211; Rio de Janeiro<\/li>\n<\/ul>\n<h3>2013<\/h3>\n<ul>\n<li>Afiliados Brasil S\u00e3o Paulo 2013 &#8211; S\u00e3o Paulo<\/li>\n<li>Afiliados Brasil Fortaleza 2013 &#8211; Fortaleza<\/li>\n<\/ul>\n<h3>2014<\/h3>\n<ul>\n<li>Afiliados Brasil S\u00e3o Paulo 2014 &#8211; S\u00e3o Paulo<\/li>\n<li>Afiliados Brasil Fortaleza 2014 &#8211; Fortaleza<\/li>\n<\/ul>\n<h3>2015<\/h3>\n<ul>\n<li>Lifextreme 2015 &#8211; Leiria (<a href=\"https:\/\/www.youtube.com\/watch?v=tLaIhqrknMs\" target=\"_blank\" rel=\"nofollow noopener\">https:\/\/www.youtube.com\/watch?v=tLaIhqrknMs<\/a>)<\/li>\n<li>Afiliados Brasil S\u00e3o Paulo 2015 &#8211; S\u00e3o Paulo<\/li>\n<li>Afiliados Brasil Rio de Janeiro 2015 &#8211; Rio de Janeiro<\/li>\n<li>Anivers\u00e1rio BioVip 2015 &#8211; Faro<\/li>\n<li>TVI &#8211; Voc\u00ea na TV 2015 &#8211; Lisboa (<a href=\"https:\/\/www.youtube.com\/watch?v=K43RHhNspbM\" target=\"_blank\" rel=\"nofollow noopener\">https:\/\/www.youtube.com\/watch?v=K43RHhNspbM<\/a>)<\/li>\n<li>Benfica TV &#8211; Tempo Corrido 2015 &#8211; Lisboa (<a href=\"https:\/\/www.youtube.com\/watch?v=d6gZ8P4LTgU\" target=\"_blank\" rel=\"nofollow noopener\">https:\/\/www.youtube.com\/watch?v=d6gZ8P4LTgU<\/a>)<\/li>\n<li>Entrepreneurs Den &#8211; 1\u00aa Edi\u00e7\u00e3o 2015- Lisboa<\/li>\n<\/ul>\n<h3>2016<\/h3>\n<ul>\n<li>Startup Grind Lisboa 2016 &#8211; Lisboa (<a href=\"https:\/\/www.youtube.com\/watch?v=ZHm0szco1kk\" target=\"_blank\" rel=\"nofollow noopener\">https:\/\/www.youtube.com\/watch?v=ZHm0szco1kk<\/a>)<\/li>\n<li>Canal Q &#8211; \u00c9 a vida Alvim 2016 &#8211; Lisboa (<a href=\"https:\/\/www.youtube.com\/watch?v=CjpygdqE6-Y\" target=\"_blank\" rel=\"nofollow noopener\">https:\/\/www.youtube.com\/watch?v=CjpygdqE6-Y<\/a> e <a href=\"https:\/\/www.youtube.com\/watch?v=nI7w_ruu6zo\" target=\"_blank\" rel=\"nofollow noopener\">https:\/\/www.youtube.com\/watch?v=nI7w_ruu6zo<\/a>)<\/li>\n<li>Microsoft Ativar Portugal 2016 &#8211; Lisboa<\/li>\n<li>ClickSummit Lisboa 2016 &#8211; Lisboa<\/li>\n<li>Afiliados Brasil S\u00e3o Paulo 2016 &#8211; S\u00e3o Paulo<\/li>\n<li>Think Conference Leiria 2016 &#8211; Leiria<\/li>\n<li>Digitalks &#8211; Expo F\u00f3rum Internacional de Marketing Digital 2016 &#8211; S\u00e3o Paulo (<a href=\"https:\/\/www.youtube.com\/watch?v=mK5Y5YQusng\" target=\"_blank\" rel=\"nofollow noopener\">https:\/\/www.youtube.com\/watch?v=mK5Y5YQusng<\/a>)<\/li>\n<li>Design Culture Experience Lisboa 2016 (DCEX in Lisbon) &#8211; Lisboa<\/li>\n<li>Lanzamento del libro \u2018Facebook para Neg\u00f3cios 2016\u2019 \u2013 Leiria<\/li>\n<li>TICE Leiria &#8211; Transformar desafios das empresas em oportunidades com uma boa estrat\u00e9gia de marketing digital &#8211; 2016 &#8211; Leiria<\/li>\n<li>Jornadas de Empreendedorismo Diogo Vasconcelos 2016 &#8211; Guimar\u00e3es<\/li>\n<\/ul>\n<h3>2017<\/h3>\n<ul>\n<li>Lanzamiento del libro digital \u2018Web Analytics 2017\u2019 \u2013 Leiria<\/li>\n<li>Marketing Journeys ISCTE,, 3 y 4 Mayo de 2017 \u2013 Lisboa<\/li>\n<li>Curso SEO y SEM, D. Dinis Business School, 24, 25 27 de Mayo de 2017 \u2013 Leiria<\/li>\n<li>Afiliados Brasil S\u00e3o Paulo, 1, 2 y 3 de Junio de 2017 \u2013 S\u00e3o Paulo<\/li>\n<li>Formaci\u00f3n presencial en Marketing Digital con Rafael Rez Oliveira, 5 y 6 de Junio de 2017 \u2013 S\u00e3o Paulo<\/li>\n<\/ul>\n<h3>Pr\u00f3ximos Eventos y Formaciones<\/h3>\n<ul>\n<li>Formaci\u00f3n presencial en Marketing Digital con Rafael Rez Oliveira, 25 y 26 de Agosto de 2017 &#8211; Goi\u00e2nia<\/li>\n<li>Formaci\u00f3n presencial en Marketing Digital con Rafael Rez Oliveira, 28 y 29 de Agosto de 2017 &#8211; Belo Horizonte<\/li>\n<li>Formaci\u00f3n presencial en Marketing Digital con Rafael Rez Oliveira, 31 de Agosto y 1 de Septiembre de 2017 &#8211; S\u00e3o Paulo<\/li>\n<li>Formaci\u00f3n presencial en Marketing Digital con Rafael Rez Oliveira, 15 y 16 de Septiembre de 2017 &#8211; Lisboa<\/li>\n<li>Formaci\u00f3n presencial en Marketing Digital con Rafael Rez Oliveira, 22 y 23 de Septiembre de 2017 &#8211; Porto<\/li>\n<\/ul>\n<h3>Participaci\u00f3n en Eventos<\/h3>\n<ul>\n<li>Switch Conference 2010 &#8211; Coimbra<\/li>\n<li>Barcelona Affiliate Conference 2012 &#8211; Barcelona<\/li>\n<li>Affiliate Summit Las Vegas 2013 &#8211; Las Vegas<\/li>\n<li>London Affiliate Conference 2013 &#8211; Londres<\/li>\n<li>Barcelona Affiliate Conference 2013 &#8211; Barcelona<\/li>\n<li>Affiliate Summit New York 2014 &#8211; Nova Iorque<\/li>\n<li>Web Summit 2014 &#8211; Irlanda<\/li>\n<li>London Affiliate Conference 2015 &#8211; Londres<\/li>\n<li>600 Anos do Empreendedorismo Portugu\u00eas 2015 &#8211; Leiria<\/li>\n<li>atUAliza-te &#8211; Confer\u00eancias de Marketing 2016 &#8211; Aveiro<\/li>\n<li>Web Summit 2016 &#8211; Lisboa<\/li>\n<li>Semin\u00e1rio de Empreendedorismo &#8211; IPL &#8211; 2016 &#8211; Leiria<\/li>\n<li>Ind\u00fastria 4.0 &#8211; Economia Digital 2017 &#8211; Leiria<\/li>\n<li>ClickSummit, 12 e 13 de Maio de 2017 &#8211; Lisboa<\/li>\n<\/ul>\n<h2>Referencias en Internet<\/h2>\n<ul>\n<li>Junio 2008<br \/>\n<a href=\"http:\/\/www.mundodastribos.com\/fique-rico-entrevistamos-o-milonario-proprietario-do-blog.html\" target=\"_blank\" rel=\"nofollow noopener\">http:\/\/www.mundodastribos.com\/fique-rico-entrevistamos-o-milonario-proprietario-do-blog.html<\/a><\/li>\n<li>30 Marzo 2009<br \/>\n<a href=\"http:\/\/www.agenciamestre.com\/blogs\/entrevista-paulo-faustino\/\" target=\"_blank\" rel=\"nofollow noopener\">http:\/\/www.agenciamestre.com\/blogs\/entrevista-paulo-faustino\/<\/a><\/li>\n<li>Noviembre 2010<br \/>\n<a href=\"http:\/\/www.ferramentasblog.com\/2010\/11\/5-blogcast-como-ganhar-dinheiro.html\" target=\"_blank\" rel=\"nofollow noopener\">http:\/\/www.ferramentasblog.com\/2010\/11\/5-blogcast-como-ganhar-dinheiro.html<\/a><\/li>\n<li>18 Mayo 2011<br \/>\n<a href=\"http:\/\/www.rsdezoito.com.br\/blog\/expon-2011-evento-de-seo-links-patrocinados-e-social-media-no-brasil\/\" target=\"_blank\" rel=\"nofollow noopener\">http:\/\/www.rsdezoito.com.br\/blog\/expon-2011-evento-de-seo-links-patrocinados-e-social-media-no-brasil\/<\/a><\/li>\n<li>04 Junio 2011<br \/>\n<a href=\"http:\/\/afiliados.blog.br\/blogueiros-de-sucesso-paulo-faustino-e-sua-rede-de-escolas-online\/\" target=\"_blank\" rel=\"nofollow noopener\">http:\/\/afiliados.blog.br\/blogueiros-de-sucesso-paulo-faustino-e-sua-rede-de-escolas-online\/<\/a><\/li>\n<li>21 Junio 2011<br \/>\n<a href=\"http:\/\/dicasdetecnologia.com\/2011\/06\/pop-up-blogs-o-que-voce-acha\/\" target=\"_blank\" rel=\"nofollow noopener\">http:\/\/dicasdetecnologia.com\/2011\/06\/pop-up-blogs-o-que-voce-acha\/<\/a><\/li>\n<li>12 Julio 2011<br \/>\n<a href=\"https:\/\/www.ecommercebrasil.com.br\/artigos\/13-plugins-wordpress-de-carrinhos-de-compra-e-e-commerce\/\" target=\"_blank\" rel=\"nofollow noopener\">https:\/\/www.ecommercebrasil.com.br\/artigos\/13-plugins-wordpress-de-carrinhos-de-compra-e-e-commerce\/<\/a><\/li>\n<li>18 Agosto 2011<br \/>\n<a href=\"https:\/\/2011.lisboa.wordcamp.org\/orador-confirmado-paulo-faustino\/\" target=\"_blank\" rel=\"nofollow noopener\">https:\/\/2011.lisboa.wordcamp.org\/orador-confirmado-paulo-faustino\/<\/a><\/li>\n<li>18 Agosto 2011<br \/>\n<a href=\"http:\/\/wp-portugal.com\/2011\/08\/18\/paulo-faustino-no-wordcamp-lisboa-2011\/\" target=\"_blank\" rel=\"nofollow noopener\">http:\/\/wp-portugal.com\/2011\/08\/18\/paulo-faustino-no-wordcamp-lisboa-2011\/<\/a><\/li>\n<li>19 Agosto 2011<br \/>\n<a href=\"https:\/\/pt.wordpress.org\/2011\/08\/19\/paulo-faustino-no-wordcamp-lisboa-2011\/\" target=\"_blank\" rel=\"nofollow noopener\">https:\/\/pt.wordpress.org\/2011\/08\/19\/paulo-faustino-no-wordcamp-lisboa-2011\/<\/a><\/li>\n<li>20 Octubre 2011<br \/>\n<a href=\"https:\/\/www.ecommercebrasil.com.br\/artigos\/como-dominar-um-nicho-de-mercado\/\" target=\"_blank\" rel=\"nofollow noopener\">https:\/\/www.ecommercebrasil.com.br\/artigos\/como-dominar-um-nicho-de-mercado\/<\/a><\/li>\n<li>25 Noviembre 2011<br \/>\n<a href=\"http:\/\/www.escolafreelancer.com\/luciano-larrossa-e-paulo-faustino-no-episodio-47-do-mestrecast\/\" target=\"_blank\" rel=\"nofollow noopener\">http:\/\/www.escolafreelancer.com\/luciano-larrossa-e-paulo-faustino-no-episodio-47-do-mestrecast\/<\/a><\/li>\n<li>10 Septiembre 2012<br \/>\n<a href=\"https:\/\/www.ecommercebrasil.com.br\/artigos\/conheca-algumas-estrategias-de-seo-para-sites-em-wordpress\/\" target=\"_blank\" rel=\"nofollow noopener\">https:\/\/www.ecommercebrasil.com.br\/artigos\/conheca-algumas-estrategias-de-seo-para-sites-em-wordpress\/<\/a><\/li>\n<li>01 Noviembre 2012<br \/>\n<a href=\"https:\/\/www.oficinadanet.com.br\/artigo\/1163\/entrevista_paulo_faustino_do_blog_fique-rico\" target=\"_blank\" rel=\"nofollow noopener\">https:\/\/www.oficinadanet.com.br\/artigo\/1163\/entrevista_paulo_faustino_do_blog_fique-rico<\/a><\/li>\n<li>15 Marzo 2013<br \/>\n<a href=\"http:\/\/revistablogosfera.com.br\/guia-iniciacao-ganhar-dinheiro-internet\/\" target=\"_blank\" rel=\"nofollow noopener\">http:\/\/revistablogosfera.com.br\/guia-iniciacao-ganhar-dinheiro-internet\/<\/a><\/li>\n<li>06 Septiembre 2013<br \/>\n<a href=\"http:\/\/dinheirolegal.com\/devemos-acreditar-que-a-gente-pode-sim-ganhar-dinheiro-na-internet\/\" target=\"_blank\" rel=\"nofollow noopener\">http:\/\/dinheirolegal.com\/devemos-acreditar-que-a-gente-pode-sim-ganhar-dinheiro-na-internet\/<\/a><\/li>\n<li>13 Diciembre 2013<br \/>\n<a href=\"https:\/\/www.convertte.com.br\/os-10-melhores-sites-e-blogs-para-aprender-marketing-digital\/\" target=\"_blank\" rel=\"nofollow noopener\">https:\/\/www.convertte.com.br\/os-10-melhores-sites-e-blogs-para-aprender-marketing-digital\/<\/a><\/li>\n<li>05 Febrero 2014<br \/>\n<a href=\"http:\/\/www.marketingdigital.com.br\/estrategias-marketing-digital\/posts\/entrevista-com-paulo-faustino-do-metodo-winner-afiliados-brasil-e-escola-dinheiro.html\" target=\"_blank\" rel=\"nofollow noopener\">http:\/\/www.marketingdigital.com.br\/estrategias-marketing-digital\/posts\/entrevista-com-paulo-faustino-do-metodo-winner-afiliados-brasil-e-escola-dinheiro.html<\/a><\/li>\n<li>14 Junio 2014<br \/>\n<a href=\"http:\/\/rodrigoseo.com.br\/programas-de-afiliados\/\" target=\"_blank\" rel=\"nofollow noopener\">http:\/\/rodrigoseo.com.br\/programas-de-afiliados\/<\/a><\/li>\n<li>25 Septiembre 2014<br \/>\n<a href=\"http:\/\/www.estrategiadigital.pt\/o-caso-de-sucesso-de-paulo-faustino-escola-dinheiro\/\" target=\"_blank\" rel=\"nofollow noopener\">http:\/\/www.estrategiadigital.pt\/o-caso-de-sucesso-de-paulo-faustino-escola-dinheiro\/<\/a><\/li>\n<li>Octubre 2014<br \/>\n<a href=\"http:\/\/www.gerenteafiliados.com.br\/2014\/10\/conversion-hero-do-empreendedor-digital.html\" target=\"_blank\" rel=\"nofollow noopener\">http:\/\/www.gerenteafiliados.com.br\/2014\/10\/conversion-hero-do-empreendedor-digital.html<\/a><\/li>\n<li>29 Junio 2015<br \/>\n<a href=\"http:\/\/empresariosdaweb.com\/cases\/5-sites-que-me-ajudaram-a-comecar-do-zero-e-faturar-milhares-de-reais-sem-comprar-cursos\/\" target=\"_blank\" rel=\"nofollow noopener\">http:\/\/empresariosdaweb.com\/cases\/5-sites-que-me-ajudaram-a-comecar-do-zero-e-faturar-milhares-de-reais-sem-comprar-cursos\/<\/a><\/li>\n<li>18 Agosto 2015<br \/>\n<a href=\"http:\/\/www.olheforadacaixa.com\/empreendedores-digitais-para-seguir\/\" target=\"_blank\" rel=\"nofollow noopener\">http:\/\/www.olheforadacaixa.com\/empreendedores-digitais-para-seguir\/<\/a><\/li>\n<li>22 Octubre 2015<br \/>\n<a href=\"http:\/\/www.entrepreneurs.pt\/tens-uma-startup-e-estas-a-procura-de-investimento\/\" target=\"_blank\" rel=\"nofollow noopener\">http:\/\/www.entrepreneurs.pt\/tens-uma-startup-e-estas-a-procura-de-investimento\/<\/a><\/li>\n<li>30 Noviembre 2015<br \/>\n<a href=\"http:\/\/www.entrepreneurs.pt\/get-digital\/\" target=\"_blank\" rel=\"nofollow noopener\">http:\/\/www.entrepreneurs.pt\/get-digital\/<\/a><\/li>\n<li>27 Febrero 2016<br \/>\n<a href=\"https:\/\/www.startupgrind.com\/events\/details\/startup-grind-lisbon-presents-paulo-faustino-get-digital-e-multiempreendedor\" target=\"_blank\" rel=\"nofollow noopener\">https:\/\/www.startupgrind.com\/events\/details\/startup-grind-lisbon-presents-paulo-faustino-get-digital-e-multiempreendedor<\/a><\/li>\n<li>18 Mayo 2016<br \/>\n<a href=\"http:\/\/gerireliderar.com\/1000-dias-na-vida-de-paulo-faustino\/\" target=\"_blank\" rel=\"nofollow noopener\">http:\/\/gerireliderar.com\/1000-dias-na-vida-de-paulo-faustino\/<\/a><\/li>\n<li>27 Mayo 2016<br \/>\n<a href=\"http:\/\/observador.pt\/2016\/05\/27\/think-conference-quem-nao-apostar-no-digital-esta-a-deixar-dinheiro-em-cima-da-mesa\/\" target=\"_blank\" rel=\"nofollow noopener\">http:\/\/observador.pt\/2016\/05\/27\/think-conference-quem-nao-apostar-no-digital-esta-a-deixar-dinheiro-em-cima-da-mesa\/<\/a><\/li>\n<li>08 Junio 2016<br \/>\n<a href=\"http:\/\/gerireliderar.com\/a-importancia-do-digital-na-nova-geracao-de-negocios\/\" target=\"_blank\" rel=\"nofollow noopener\">http:\/\/gerireliderar.com\/a-importancia-do-digital-na-nova-geracao-de-negocios\/<\/a><\/li>\n<li>03 Julio 2016<br \/>\n<a href=\"http:\/\/fredericocarvalho.pt\/nova-pos-graduacao-em-gestao-de-negocios-online\/\" target=\"_blank\" rel=\"nofollow noopener\">http:\/\/fredericocarvalho.pt\/nova-pos-graduacao-em-gestao-de-negocios-online\/<\/a><\/li>\n<li>03 Noviembre 2016<br \/>\n<a href=\"http:\/\/tesourovirtual.com\/empreendedores-digitais\/\" target=\"_blank\" rel=\"nofollow noopener\">http:\/\/tesourovirtual.com\/empreendedores-digitais\/<\/a><\/li>\n<li>28 Noviembre 2016<br \/>\n<a href=\"https:\/\/nit.pt\/buzzfood\/restaurantes\/bold-novo-restaurante-arrojado-leiria\" target=\"_blank\" rel=\"nofollow noopener\">https:\/\/nit.pt\/buzzfood\/restaurantes\/bold-novo-restaurante-arrojado-leiria<\/a><\/li>\n<li>16 Diciembre 2016<br \/>\n<a href=\"http:\/\/www.verportugal.net\/vp\/pt\/42022\/ModaDesign\/2485\/Labuta-luxo-e-conforto-em-cal%C3%A7ado-artesanal-que-visa-homenagear-profiss%C3%B5es-%C3%A1rduas.htm\" target=\"_blank\" rel=\"nofollow noopener\">http:\/\/www.verportugal.net\/vp\/pt\/42022\/ModaDesign\/2485\/Labuta-luxo-e-conforto-em-cal%C3%A7ado-artesanal-que-visa-homenagear-profiss%C3%B5es-%C3%A1rduas.htm<\/a><\/li>\n<\/ul>\n<h3>Datas desconocidos<\/h3>\n<ul>\n<li><a href=\"http:\/\/virtualmarketingpro.com\/blog\/carloslourenco\/verdade-sobre-paulo-faustino\/\" target=\"_blank\" rel=\"nofollow noopener\">http:\/\/virtualmarketingpro.com\/blog\/carloslourenco\/verdade-sobre-paulo-faustino\/<\/a><\/li>\n<li><a href=\"http:\/\/mentalidadeempreendedora.com.br\/entrevistas-com-empreendedores\/paulo-faustino-escola-dinheiro\/\" target=\"_blank\" rel=\"nofollow noopener\">http:\/\/mentalidadeempreendedora.com.br\/entrevistas-com-empreendedores\/paulo-faustino-escola-dinheiro\/<\/a><\/li>\n<li><a href=\"https:\/\/maiconrissi.com\/conversion-hero-4-videos-gratuitos-paulo-faustino-mostra-como-ele-gera-1-milhao-por-ano-como-afiliado\/\" target=\"_blank\" rel=\"nofollow noopener\">https:\/\/maiconrissi.com\/conversion-hero-4-videos-gratuitos-paulo-faustino-mostra-como-ele-gera-1-milhao-por-ano-como-afiliado\/<\/a><\/li>\n<li><a href=\"https:\/\/invoicexpress.com\/blog\/think-conference-marketing-digital\" target=\"_blank\" rel=\"nofollow noopener\">https:\/\/invoicexpress.com\/blog\/think-conference-marketing-digital<\/a><\/li>\n<li><a href=\"http:\/\/www.leiriaeconomica.com\/2016\/12\/o-que-pensam-os-gestores-do-conceito-newco-e-como-o-materializam-2\/\" target=\"_blank\" rel=\"nofollow noopener\">http:\/\/www.leiriaeconomica.com\/2016\/12\/o-que-pensam-os-gestores-do-conceito-newco-e-como-o-materializam-2\/<\/a><\/li>\n<li><a href=\"http:\/\/www.carti.com.br\/como-ganhar-dinheiro-na-internet\/\" target=\"_blank\" rel=\"nofollow noopener\">http:\/\/www.carti.com.br\/como-ganhar-dinheiro-na-internet\/<\/a><\/li>\n<li><a href=\"http:\/\/www.afiliadoscast.com.br\/paulo-faustino\/\" target=\"_blank\" rel=\"nofollow noopener\">http:\/\/www.afiliadoscast.com.br\/paulo-faustino\/<\/a><\/li>\n<li><a href=\"https:\/\/economia.terra.com.br\/vida-de-empresario\/veja-dicas-para-transformar-seu-blog-em-um-negocio-lucrativo,cb5ea1185d967410VgnVCM4000009bcceb0aRCRD.html\" target=\"_blank\" rel=\"nofollow noopener\">https:\/\/economia.terra.com.br\/vida-de-empresario\/veja-dicas-para-transformar-seu-blog-em-um-negocio-lucrativo,cb5ea1185d967410VgnVCM4000009bcceb0aRCRD.html<\/a><\/li>\n<li><a href=\"http:\/\/www.autonomonaweb.com\/dicas-de-internet\/internet-marketing-o-caminho-das-pedras-e-os-12-cavaleiros-de-ouro-do-marketing-digital\/\" target=\"_blank\" rel=\"nofollow noopener\">http:\/\/www.autonomonaweb.com\/dicas-de-internet\/internet-marketing-o-caminho-das-pedras-e-os-12-cavaleiros-de-ouro-do-marketing-digital\/<\/a><\/li>\n<li><a href=\"https:\/\/www.rededecursos.com.br\/eventos-e-palestras\/expon-reune-grandes-nomes-do-search-marketing\/\" target=\"_blank\" rel=\"nofollow noopener\">https:\/\/www.rededecursos.com.br\/eventos-e-palestras\/expon-reune-grandes-nomes-do-search-marketing\/<\/a><\/li>\n<li><a href=\"http:\/\/www.chiefofdesign.com.br\/29-blogs-sobre-empreendedorismo\/\" target=\"_blank\" rel=\"nofollow noopener\">http:\/\/www.chiefofdesign.com.br\/29-blogs-sobre-empreendedorismo\/<\/a><\/li>\n<li><a href=\"http:\/\/profissionalblog.com\/13-blogueiros-que-me-inspiraram\/\" target=\"_blank\" rel=\"nofollow noopener\">http:\/\/profissionalblog.com\/13-blogueiros-que-me-inspiraram\/<\/a><\/li>\n<li><a href=\"http:\/\/www.afiliadosbrasil.com.br\/palestrante\/paulo-faustino\/\" target=\"_blank\" rel=\"nofollow noopener\">http:\/\/www.afiliadosbrasil.com.br\/palestrante\/paulo-faustino\/<\/a><\/li>\n<li><a href=\"http:\/\/www.conteudoempresarial.com\/fonte\/paulo-faustino\/\" target=\"_blank\" rel=\"nofollow noopener\">http:\/\/www.conteudoempresarial.com\/fonte\/paulo-faustino\/<\/a><\/li>\n<li><a href=\"https:\/\/jornaldeleiria.pt\/noticia\/think-conferencequer-por-empreendedores-pensar-4070\" target=\"_blank\" rel=\"nofollow noopener\">https:\/\/jornaldeleiria.pt\/noticia\/think-conferencequer-por-empreendedores-pensar-4070<\/a><\/li>\n<li><a href=\"https:\/\/www.jornaldeleiria.pt\/noticia\/um-dia-ainda-temos-de-abrir-um-restaurante-e-abriram-mesmo-5370\" target=\"_blank\" rel=\"nofollow noopener\">https:\/\/www.jornaldeleiria.pt\/noticia\/um-dia-ainda-temos-de-abrir-um-restaurante-e-abriram-mesmo-5370<\/a><\/li>\n<li><a href=\"https:\/\/www.facebook.com\/photo.php?fbid=620143998060489&amp;set=t.633544543&amp;type=3&amp;theater\" target=\"_blank\" rel=\"nofollow noopener\">https:\/\/www.facebook.com\/photo.php?fbid=620143998060489&amp;set=t.633544543&amp;type=3&amp;theater<\/a><br \/>\nMenci\u00f3n en la materia de Negocios Electr\u00f3nicos en el curso de \u2018Marketing da Est\u00e1cio\u2019 en Recife, Brasil \u2013 Docente Felipe Pereira<\/li>\n<\/ul>\n","protected":false},"excerpt":{"rendered":"<p>Paulo Faustino fue el fundador de la \u2018Escola Dinero\u2019 y de la red de blogs educativos \u2018Escolas +\u2019, blogs que en conjunto fueron le\u00eddos por m\u00e1s de 43 millones de&#8230;<\/p>\n","protected":false},"author":7,"featured_media":1184,"parent":0,"menu_order":0,"comment_status":"open","ping_status":"closed","template":"template-sobre.php","meta":{"_acf_changed":false,"footnotes":""},"class_list":["post-1839","page","type-page","status-publish","has-post-thumbnail","hentry"],"acf":[],"yoast_head":"<!-- This site is optimized with the Yoast SEO plugin v26.8 - https:\/\/yoast.com\/product\/yoast-seo-wordpress\/ -->\n<title>Sobre Paulo Faustino<\/title>\n<meta name=\"description\" content=\"Paulo Faustino es emprendedor, inversor y conferenciante internacional. Es reconocido como uno de los profesionales m\u00e1s influyentes del Marketing Digital.\" \/>\n<meta name=\"robots\" content=\"index, follow, max-snippet:-1, max-image-preview:large, max-video-preview:-1\" \/>\n<link rel=\"canonical\" href=\"https:\/\/www.paulofaustino.com\/es\/sobre\/\" \/>\n<meta property=\"og:locale\" content=\"es_ES\" \/>\n<meta property=\"og:type\" content=\"article\" \/>\n<meta property=\"og:title\" content=\"Sobre Paulo Faustino\" \/>\n<meta property=\"og:description\" content=\"Paulo Faustino es emprendedor, inversor y conferenciante internacional. Es reconocido como uno de los profesionales m\u00e1s influyentes del Marketing Digital.\" \/>\n<meta property=\"og:url\" content=\"https:\/\/www.paulofaustino.com\/es\/sobre\/\" \/>\n<meta property=\"og:site_name\" content=\"Paulo Faustino\" \/>\n<meta property=\"article:publisher\" content=\"https:\/\/www.facebook.com\/paulofilipefaustino\" \/>\n<meta property=\"article:modified_time\" content=\"2021-01-21T11:34:57+00:00\" \/>\n<meta property=\"og:image\" content=\"https:\/\/www.paulofaustino.com\/wp-content\/uploads\/2015\/12\/paulofaustino.png\" \/>\n\t<meta property=\"og:image:width\" content=\"1200\" \/>\n\t<meta property=\"og:image:height\" content=\"628\" \/>\n\t<meta property=\"og:image:type\" content=\"image\/png\" \/>\n<meta name=\"twitter:card\" content=\"summary_large_image\" \/>\n<meta name=\"twitter:site\" content=\"@pauloffaustino\" \/>\n<meta name=\"twitter:label1\" content=\"Tiempo de lectura\" \/>\n\t<meta name=\"twitter:data1\" content=\"15 minutos\" \/>\n<script type=\"application\/ld+json\" class=\"yoast-schema-graph\">{\"@context\":\"https:\/\/schema.org\",\"@graph\":[{\"@type\":\"WebPage\",\"@id\":\"https:\/\/www.paulofaustino.com\/es\/sobre\/\",\"url\":\"https:\/\/www.paulofaustino.com\/es\/sobre\/\",\"name\":\"Sobre Paulo Faustino\",\"isPartOf\":{\"@id\":\"https:\/\/www.paulofaustino.com\/es\/#website\"},\"primaryImageOfPage\":{\"@id\":\"https:\/\/www.paulofaustino.com\/es\/sobre\/#primaryimage\"},\"image\":{\"@id\":\"https:\/\/www.paulofaustino.com\/es\/sobre\/#primaryimage\"},\"thumbnailUrl\":\"https:\/\/www.paulofaustino.com\/wp-content\/uploads\/2015\/06\/sobre_img.png\",\"datePublished\":\"2017-08-04T15:23:02+00:00\",\"dateModified\":\"2021-01-21T11:34:57+00:00\",\"description\":\"Paulo Faustino es emprendedor, inversor y conferenciante internacional. Es reconocido como uno de los profesionales m\u00e1s influyentes del Marketing Digital.\",\"breadcrumb\":{\"@id\":\"https:\/\/www.paulofaustino.com\/es\/sobre\/#breadcrumb\"},\"inLanguage\":\"es\",\"potentialAction\":[{\"@type\":\"ReadAction\",\"target\":[\"https:\/\/www.paulofaustino.com\/es\/sobre\/\"]}]},{\"@type\":\"ImageObject\",\"inLanguage\":\"es\",\"@id\":\"https:\/\/www.paulofaustino.com\/es\/sobre\/#primaryimage\",\"url\":\"https:\/\/www.paulofaustino.com\/wp-content\/uploads\/2015\/06\/sobre_img.png\",\"contentUrl\":\"https:\/\/www.paulofaustino.com\/wp-content\/uploads\/2015\/06\/sobre_img.png\",\"width\":940,\"height\":275},{\"@type\":\"BreadcrumbList\",\"@id\":\"https:\/\/www.paulofaustino.com\/es\/sobre\/#breadcrumb\",\"itemListElement\":[{\"@type\":\"ListItem\",\"position\":1,\"name\":\"Home\",\"item\":\"https:\/\/www.paulofaustino.com\/es\/\"},{\"@type\":\"ListItem\",\"position\":2,\"name\":\"Sobre Paulo Faustino\"}]},{\"@type\":\"WebSite\",\"@id\":\"https:\/\/www.paulofaustino.com\/es\/#website\",\"url\":\"https:\/\/www.paulofaustino.com\/es\/\",\"name\":\"Paulo Faustino\",\"description\":\"Mentor de Empres\u00e1rios e Empresas\",\"potentialAction\":[{\"@type\":\"SearchAction\",\"target\":{\"@type\":\"EntryPoint\",\"urlTemplate\":\"https:\/\/www.paulofaustino.com\/es\/?s={search_term_string}\"},\"query-input\":{\"@type\":\"PropertyValueSpecification\",\"valueRequired\":true,\"valueName\":\"search_term_string\"}}],\"inLanguage\":\"es\"}]}<\/script>\n<!-- \/ Yoast SEO plugin. -->","yoast_head_json":{"title":"Sobre Paulo Faustino","description":"Paulo Faustino es emprendedor, inversor y conferenciante internacional. Es reconocido como uno de los profesionales m\u00e1s influyentes del Marketing Digital.","robots":{"index":"index","follow":"follow","max-snippet":"max-snippet:-1","max-image-preview":"max-image-preview:large","max-video-preview":"max-video-preview:-1"},"canonical":"https:\/\/www.paulofaustino.com\/es\/sobre\/","og_locale":"es_ES","og_type":"article","og_title":"Sobre Paulo Faustino","og_description":"Paulo Faustino es emprendedor, inversor y conferenciante internacional. Es reconocido como uno de los profesionales m\u00e1s influyentes del Marketing Digital.","og_url":"https:\/\/www.paulofaustino.com\/es\/sobre\/","og_site_name":"Paulo Faustino","article_publisher":"https:\/\/www.facebook.com\/paulofilipefaustino","article_modified_time":"2021-01-21T11:34:57+00:00","og_image":[{"width":1200,"height":628,"url":"https:\/\/www.paulofaustino.com\/wp-content\/uploads\/2015\/12\/paulofaustino.png","type":"image\/png"}],"twitter_card":"summary_large_image","twitter_site":"@pauloffaustino","twitter_misc":{"Tiempo de lectura":"15 minutos"},"schema":{"@context":"https:\/\/schema.org","@graph":[{"@type":"WebPage","@id":"https:\/\/www.paulofaustino.com\/es\/sobre\/","url":"https:\/\/www.paulofaustino.com\/es\/sobre\/","name":"Sobre Paulo Faustino","isPartOf":{"@id":"https:\/\/www.paulofaustino.com\/es\/#website"},"primaryImageOfPage":{"@id":"https:\/\/www.paulofaustino.com\/es\/sobre\/#primaryimage"},"image":{"@id":"https:\/\/www.paulofaustino.com\/es\/sobre\/#primaryimage"},"thumbnailUrl":"https:\/\/www.paulofaustino.com\/wp-content\/uploads\/2015\/06\/sobre_img.png","datePublished":"2017-08-04T15:23:02+00:00","dateModified":"2021-01-21T11:34:57+00:00","description":"Paulo Faustino es emprendedor, inversor y conferenciante internacional. Es reconocido como uno de los profesionales m\u00e1s influyentes del Marketing Digital.","breadcrumb":{"@id":"https:\/\/www.paulofaustino.com\/es\/sobre\/#breadcrumb"},"inLanguage":"es","potentialAction":[{"@type":"ReadAction","target":["https:\/\/www.paulofaustino.com\/es\/sobre\/"]}]},{"@type":"ImageObject","inLanguage":"es","@id":"https:\/\/www.paulofaustino.com\/es\/sobre\/#primaryimage","url":"https:\/\/www.paulofaustino.com\/wp-content\/uploads\/2015\/06\/sobre_img.png","contentUrl":"https:\/\/www.paulofaustino.com\/wp-content\/uploads\/2015\/06\/sobre_img.png","width":940,"height":275},{"@type":"BreadcrumbList","@id":"https:\/\/www.paulofaustino.com\/es\/sobre\/#breadcrumb","itemListElement":[{"@type":"ListItem","position":1,"name":"Home","item":"https:\/\/www.paulofaustino.com\/es\/"},{"@type":"ListItem","position":2,"name":"Sobre Paulo Faustino"}]},{"@type":"WebSite","@id":"https:\/\/www.paulofaustino.com\/es\/#website","url":"https:\/\/www.paulofaustino.com\/es\/","name":"Paulo Faustino","description":"Mentor de Empres\u00e1rios e Empresas","potentialAction":[{"@type":"SearchAction","target":{"@type":"EntryPoint","urlTemplate":"https:\/\/www.paulofaustino.com\/es\/?s={search_term_string}"},"query-input":{"@type":"PropertyValueSpecification","valueRequired":true,"valueName":"search_term_string"}}],"inLanguage":"es"}]}},"_links":{"self":[{"href":"https:\/\/www.paulofaustino.com\/es\/wp-json\/wp\/v2\/pages\/1839","targetHints":{"allow":["GET"]}}],"collection":[{"href":"https:\/\/www.paulofaustino.com\/es\/wp-json\/wp\/v2\/pages"}],"about":[{"href":"https:\/\/www.paulofaustino.com\/es\/wp-json\/wp\/v2\/types\/page"}],"author":[{"embeddable":true,"href":"https:\/\/www.paulofaustino.com\/es\/wp-json\/wp\/v2\/users\/7"}],"replies":[{"embeddable":true,"href":"https:\/\/www.paulofaustino.com\/es\/wp-json\/wp\/v2\/comments?post=1839"}],"version-history":[{"count":1,"href":"https:\/\/www.paulofaustino.com\/es\/wp-json\/wp\/v2\/pages\/1839\/revisions"}],"predecessor-version":[{"id":5334,"href":"https:\/\/www.paulofaustino.com\/es\/wp-json\/wp\/v2\/pages\/1839\/revisions\/5334"}],"wp:featuredmedia":[{"embeddable":true,"href":"https:\/\/www.paulofaustino.com\/es\/wp-json\/wp\/v2\/media\/1184"}],"wp:attachment":[{"href":"https:\/\/www.paulofaustino.com\/es\/wp-json\/wp\/v2\/media?parent=1839"}],"curies":[{"name":"wp","href":"https:\/\/api.w.org\/{rel}","templated":true}]}}